{"id":1409,"date":"2020-12-03T16:18:56","date_gmt":"2020-12-03T16:18:56","guid":{"rendered":"http:\/\/www.frima.cat\/frima\/?page_id=1409"},"modified":"2023-02-02T16:21:21","modified_gmt":"2023-02-02T16:21:21","slug":"nuestros-servicios","status":"publish","type":"page","link":"https:\/\/www.frima.cat\/frima\/nuestros-servicios\/","title":{"rendered":"Eficiencia"},"content":{"rendered":"\n<div style=\"height:50px\" aria-hidden=\"true\" class=\"wp-block-spacer\"><\/div>\n\n\n\n<div class=\"wp-block-columns is-layout-flex wp-container-core-columns-is-layout-9d6595d7 wp-block-columns-is-layout-flex\">\n<div class=\"wp-block-column is-layout-flow wp-block-column-is-layout-flow\" style=\"flex-basis:1%\"><\/div>\n\n\n\n<div class=\"wp-block-column is-layout-flow wp-block-column-is-layout-flow\" style=\"flex-basis:9.4%\">\n<figure class=\"wp-block-image size-large is-resized\"><a href=\"https:\/\/www.frima.cat\/frima\/nuestros-servicios\/fachadas\/\"><img loading=\"lazy\" decoding=\"async\" src=\"https:\/\/www.frima.cat\/frima\/wp-content\/uploads\/2020\/12\/Fachada.png\" alt=\"\" class=\"wp-image-2146\" width=\"135\" height=\"190\" srcset=\"https:\/\/www.frima.cat\/frima\/wp-content\/uploads\/2020\/12\/Fachada.png 428w, https:\/\/www.frima.cat\/frima\/wp-content\/uploads\/2020\/12\/Fachada-213x300.png 213w\" sizes=\"auto, (max-width: 135px) 100vw, 135px\" \/><\/a><\/figure>\n<\/div>\n\n\n\n<div class=\"wp-block-column is-layout-flow wp-block-column-is-layout-flow\" style=\"flex-basis:14%\">\n<div style=\"height:20px\" aria-hidden=\"true\" class=\"wp-block-spacer\"><\/div>\n\n\n\n<div style=\"height:41px\" aria-hidden=\"true\" class=\"wp-block-spacer\"><\/div>\n\n\n\n<h1><a href=\"https:\/\/www.frima.cat\/frima\/nuestros-servicios\/fachadas\/\"><strong><span style=\"color: #1f3e7c;\">FACHADAS<\/span><\/strong><\/a><\/h1>\n<\/div>\n\n\n\n<div class=\"wp-block-column is-layout-flow wp-block-column-is-layout-flow\" style=\"flex-basis:62.67%\">\n<div style=\"height:59px\" aria-hidden=\"true\" class=\"wp-block-spacer\"><\/div>\n\n\n\n<p><a href=\"https:\/\/www.frima.cat\/frima\/nuestros-servicios\/fachadas\/\"><span style=\"color: #1f3e7c;\">Las actuaciones en fachadas est\u00e1n encaminadas a proporcionar la seguridad de los elementos que la componen, respetando y manteniendo la identidad propia de cada elemento y del conjunto, para conseguir conjugar t\u00e9cnica y materiales tradicionales con sistemas y t\u00e9cnicas actuales.<\/span><\/a><\/p>\n<\/div>\n<\/div>\n\n\n\n<div style=\"height:29px\" aria-hidden=\"true\" class=\"wp-block-spacer\"><\/div>\n\n\n\n<div class=\"wp-block-columns is-layout-flex wp-container-core-columns-is-layout-9d6595d7 wp-block-columns-is-layout-flex\">\n<div class=\"wp-block-column is-layout-flow wp-block-column-is-layout-flow\" style=\"flex-basis:1%\"><\/div>\n\n\n\n<div class=\"wp-block-column is-layout-flow wp-block-column-is-layout-flow\" style=\"flex-basis:9.4%\">\n<figure class=\"wp-block-image size-large\"><a href=\"https:\/\/www.frima.cat\/frima\/nuestros-servicios\/cubiertas-y-terrazas\/\"><img loading=\"lazy\" decoding=\"async\" width=\"313\" height=\"444\" src=\"https:\/\/www.frima.cat\/frima\/wp-content\/uploads\/2020\/12\/cubierta.png\" alt=\"\" class=\"wp-image-2117\" srcset=\"https:\/\/www.frima.cat\/frima\/wp-content\/uploads\/2020\/12\/cubierta.png 313w, https:\/\/www.frima.cat\/frima\/wp-content\/uploads\/2020\/12\/cubierta-211x300.png 211w\" sizes=\"auto, (max-width: 313px) 100vw, 313px\" \/><\/a><\/figure>\n<\/div>\n\n\n\n<div class=\"wp-block-column is-layout-flow wp-block-column-is-layout-flow\" style=\"flex-basis:31%\">\n<div style=\"height:20px\" aria-hidden=\"true\" class=\"wp-block-spacer\"><\/div>\n\n\n\n<div style=\"height:41px\" aria-hidden=\"true\" class=\"wp-block-spacer\"><\/div>\n\n\n\n<h1><a href=\"https:\/\/www.frima.cat\/frima\/nuestros-servicios\/cubiertas-y-terrazas\/\"><strong><span style=\"color: #1f3e7c;\">IMPERMEABILIZACIONES<\/span><\/strong><\/a><\/h1>\n<\/div>\n\n\n\n<div class=\"wp-block-column is-layout-flow wp-block-column-is-layout-flow\" style=\"flex-basis:47.3%\">\n<div style=\"height:59px\" aria-hidden=\"true\" class=\"wp-block-spacer\"><\/div>\n\n\n\n<p><a href=\"https:\/\/www.frima.cat\/frima\/nuestros-servicios\/cubiertas-y-terrazas\/\"><span style=\"color: #1f3e7c;\">Las actuaciones en terrazas y cubiertas est\u00e1n encaminadas a resolver los problemas de estanqueidad. Utilizando el sistema m\u00e1s adecuado en funci\u00f3n de la utilizaci\u00f3n destinada a la cubierta o terraza.<\/span><\/a><\/p>\n\n\n\n<p><\/p>\n<\/div>\n<\/div>\n\n\n\n<div style=\"height:30px\" aria-hidden=\"true\" class=\"wp-block-spacer\"><\/div>\n\n\n\n<div class=\"wp-block-columns is-layout-flex wp-container-core-columns-is-layout-9d6595d7 wp-block-columns-is-layout-flex\">\n<div class=\"wp-block-column is-layout-flow wp-block-column-is-layout-flow\" style=\"flex-basis:1%\"><\/div>\n\n\n\n<div class=\"wp-block-column is-layout-flow wp-block-column-is-layout-flow\" style=\"flex-basis:9.4%\">\n<figure class=\"wp-block-image size-large\"><a href=\"https:\/\/www.frima.cat\/frima\/nuestros-servicios\/patios-interiores\/\"><img loading=\"lazy\" decoding=\"async\" width=\"427\" height=\"604\" src=\"https:\/\/www.frima.cat\/frima\/wp-content\/uploads\/2020\/12\/Patios_de_luces.png\" alt=\"\" class=\"wp-image-2155\" srcset=\"https:\/\/www.frima.cat\/frima\/wp-content\/uploads\/2020\/12\/Patios_de_luces.png 427w, https:\/\/www.frima.cat\/frima\/wp-content\/uploads\/2020\/12\/Patios_de_luces-212x300.png 212w\" sizes=\"auto, (max-width: 427px) 100vw, 427px\" \/><\/a><\/figure>\n<\/div>\n\n\n\n<div class=\"wp-block-column is-layout-flow wp-block-column-is-layout-flow\" style=\"flex-basis:16%\">\n<div style=\"height:20px\" aria-hidden=\"true\" class=\"wp-block-spacer\"><\/div>\n\n\n\n<div style=\"height:20px\" aria-hidden=\"true\" class=\"wp-block-spacer\"><\/div>\n\n\n\n<h1><a href=\"https:\/\/www.frima.cat\/frima\/nuestros-servicios\/patios-interiores\/\"><strong><span style=\"color: #1f3e7c;\">PATIOS<br \/>INTERIORES<\/span><\/strong><\/a><\/h1>\n<\/div>\n\n\n\n<div class=\"wp-block-column is-layout-flow wp-block-column-is-layout-flow\" style=\"flex-basis:61.3%\">\n<div style=\"height:48px\" aria-hidden=\"true\" class=\"wp-block-spacer\"><\/div>\n\n\n\n<p><a href=\"https:\/\/www.frima.cat\/frima\/nuestros-servicios\/patios-interiores\/\"><span style=\"color: #1f3e7c;\">Las actuaciones en los patios de luces est\u00e1n encaminadas a su ventilaci\u00f3n, iluminaci\u00f3n y albergar tubos de instalaciones, agua, gas, electricidad, as\u00ed como los cables de tel\u00e9fono o antenas de tv.<\/span><strong>&nbsp;<\/strong><\/a><\/p>\n<\/div>\n<\/div>\n\n\n\n<div style=\"height:29px\" aria-hidden=\"true\" class=\"wp-block-spacer\"><\/div>\n\n\n\n<div class=\"wp-block-columns is-layout-flex wp-container-core-columns-is-layout-9d6595d7 wp-block-columns-is-layout-flex\">\n<div class=\"wp-block-column is-layout-flow wp-block-column-is-layout-flow\" style=\"flex-basis:1%\"><\/div>\n\n\n\n<div class=\"wp-block-column is-layout-flow wp-block-column-is-layout-flow\" style=\"flex-basis:9.4%\">\n<figure class=\"wp-block-image size-large\"><a href=\"https:\/\/www.frima.cat\/frima\/nuestros-servicios\/vestibulos-y-escaleras\/\"><img loading=\"lazy\" decoding=\"async\" width=\"426\" height=\"623\" src=\"https:\/\/www.frima.cat\/frima\/wp-content\/uploads\/2020\/12\/elementos_veticales_2.png\" alt=\"\" class=\"wp-image-2174\" srcset=\"https:\/\/www.frima.cat\/frima\/wp-content\/uploads\/2020\/12\/elementos_veticales_2.png 426w, https:\/\/www.frima.cat\/frima\/wp-content\/uploads\/2020\/12\/elementos_veticales_2-205x300.png 205w\" sizes=\"auto, (max-width: 426px) 100vw, 426px\" \/><\/a><\/figure>\n<\/div>\n\n\n\n<div class=\"wp-block-column is-layout-flow wp-block-column-is-layout-flow\" style=\"flex-basis:17%\">\n<div style=\"height:20px\" aria-hidden=\"true\" class=\"wp-block-spacer\"><\/div>\n\n\n\n<div style=\"height:20px\" aria-hidden=\"true\" class=\"wp-block-spacer\"><\/div>\n\n\n\n<h1><a href=\"https:\/\/www.frima.cat\/frima\/nuestros-servicios\/vestibulos-y-escaleras\/\"><strong><span style=\"color: #1f3e7c;\">VEST\u00cdBULOS\/<br \/>ECALERAS<\/span><\/strong><\/a><\/h1>\n\n\n\n<p><\/p>\n<\/div>\n\n\n\n<div class=\"wp-block-column is-layout-flow wp-block-column-is-layout-flow\" style=\"flex-basis:60.4%\">\n<div style=\"height:43px\" aria-hidden=\"true\" class=\"wp-block-spacer\"><\/div>\n\n\n\n<p><a href=\"https:\/\/www.frima.cat\/frima\/nuestros-servicios\/vestibulos-y-escaleras\/\"><span style=\"color: #1f3e7c;\">Las actuaciones en vest\u00edbulos y escaleras est\u00e1n encaminadas a adecuar los accesos seg\u00fan la normativa, adem\u00e1s de cambios est\u00e9ticos.&nbsp;<\/span><\/a><\/p>\n\n\n\n<p><\/p>\n<\/div>\n<\/div>\n\n\n\n<div style=\"height:29px\" aria-hidden=\"true\" class=\"wp-block-spacer\"><\/div>\n\n\n\n<div class=\"wp-block-columns is-layout-flex wp-container-core-columns-is-layout-9d6595d7 wp-block-columns-is-layout-flex\">\n<div class=\"wp-block-column is-layout-flow wp-block-column-is-layout-flow\" style=\"flex-basis:0.1%\"><\/div>\n\n\n\n<div class=\"wp-block-column is-layout-flow wp-block-column-is-layout-flow\" style=\"flex-basis:12.1%\">\n<figure class=\"wp-block-image size-large is-resized\"><a href=\"https:\/\/www.frima.cat\/frima\/nuestros-servicios\/instalaciones\/\"><img loading=\"lazy\" decoding=\"async\" src=\"https:\/\/www.frima.cat\/frima\/wp-content\/uploads\/2020\/12\/image-1.png\" alt=\"\" class=\"wp-image-2279\" width=\"145\" height=\"201\"\/><\/a><\/figure>\n<\/div>\n\n\n\n<div class=\"wp-block-column is-layout-flow wp-block-column-is-layout-flow\" style=\"flex-basis:21%\">\n<div style=\"height:20px\" aria-hidden=\"true\" class=\"wp-block-spacer\"><\/div>\n\n\n\n<div style=\"height:41px\" aria-hidden=\"true\" class=\"wp-block-spacer\"><\/div>\n\n\n\n<h1><a href=\"https:\/\/www.frima.cat\/frima\/nuestros-servicios\/instalaciones\/\"><strong><span style=\"color: #1f3e7c;\">INSTALACIONES<\/span><\/strong><\/a><\/h1>\n\n\n\n<p><\/p>\n<\/div>\n\n\n\n<div class=\"wp-block-column is-layout-flow wp-block-column-is-layout-flow\" style=\"flex-basis:59.6%\">\n<div style=\"height:67px\" aria-hidden=\"true\" class=\"wp-block-spacer\"><\/div>\n\n\n\n<p><a href=\"https:\/\/www.frima.cat\/frima\/nuestros-servicios\/instalaciones\/\"><span style=\"color: #1f3e7c;\">Adaptaci\u00f3n de instalaciones de agua, gas, baja tensi\u00f3n a normativa. <\/span><\/a><\/p>\n<\/div>\n<\/div>\n\n\n\n<div style=\"height:31px\" aria-hidden=\"true\" class=\"wp-block-spacer\"><\/div>\n\n\n\n<div class=\"wp-block-columns is-layout-flex wp-container-core-columns-is-layout-9d6595d7 wp-block-columns-is-layout-flex\">\n<div class=\"wp-block-column is-layout-flow wp-block-column-is-layout-flow\" style=\"flex-basis:1%\"><\/div>\n\n\n\n<div class=\"wp-block-column is-layout-flow wp-block-column-is-layout-flow\" style=\"flex-basis:9.4%\">\n<figure class=\"wp-block-image size-large is-resized\"><a href=\"https:\/\/www.frima.cat\/frima\/nuestros-servicios\/bajantes\/\"><img loading=\"lazy\" decoding=\"async\" src=\"https:\/\/www.frima.cat\/frima\/wp-content\/uploads\/2020\/12\/elementos_veticales_2.png\" alt=\"\" class=\"wp-image-2174\" width=\"129\" height=\"188\" srcset=\"https:\/\/www.frima.cat\/frima\/wp-content\/uploads\/2020\/12\/elementos_veticales_2.png 426w, https:\/\/www.frima.cat\/frima\/wp-content\/uploads\/2020\/12\/elementos_veticales_2-205x300.png 205w\" sizes=\"auto, (max-width: 129px) 100vw, 129px\" \/><\/a><\/figure>\n<\/div>\n\n\n\n<div class=\"wp-block-column is-layout-flow wp-block-column-is-layout-flow\" style=\"flex-basis:14%\">\n<div style=\"height:20px\" aria-hidden=\"true\" class=\"wp-block-spacer\"><\/div>\n\n\n\n<div style=\"height:41px\" aria-hidden=\"true\" class=\"wp-block-spacer\"><\/div>\n\n\n\n<h1><a href=\"https:\/\/www.frima.cat\/frima\/nuestros-servicios\/bajantes\/\"><strong><span style=\"color: #1f3e7c;\">BAJANTES<\/span><\/strong><\/a><\/h1>\n<\/div>\n\n\n\n<div class=\"wp-block-column is-layout-flow wp-block-column-is-layout-flow\" style=\"flex-basis:62.67%\">\n<div style=\"height:59px\" aria-hidden=\"true\" class=\"wp-block-spacer\"><\/div>\n\n\n\n<p><a href=\"https:\/\/www.frima.cat\/frima\/nuestros-servicios\/bajantes\/\"><span style=\"color: #1f3e7c;\">Sustituci\u00f3n o reparaci\u00f3n de bajantes de aguas pluviales o aguas residuales en patios de luces, interior de galer\u00edas, interior de viviendas etc.<\/span><\/a><\/p>\n<\/div>\n<\/div>\n\n\n\n<div style=\"height:30px\" aria-hidden=\"true\" class=\"wp-block-spacer\"><\/div>\n\n\n\n<div class=\"wp-block-columns is-layout-flex wp-container-core-columns-is-layout-9d6595d7 wp-block-columns-is-layout-flex\">\n<div class=\"wp-block-column is-layout-flow wp-block-column-is-layout-flow\" style=\"flex-basis:1%\"><\/div>\n\n\n\n<div class=\"wp-block-column is-layout-flow wp-block-column-is-layout-flow\" style=\"flex-basis:9.9%\">\n<figure class=\"wp-block-image size-large is-resized\"><a href=\"https:\/\/www.frima.cat\/frima\/nuestros-servicios\/refuerzo-estructural\/\"><img loading=\"lazy\" decoding=\"async\" src=\"https:\/\/www.frima.cat\/frima\/wp-content\/uploads\/2021\/03\/refuerzo_estructural.jpg\" alt=\"\" class=\"wp-image-3659\" width=\"135\" height=\"198\" srcset=\"https:\/\/www.frima.cat\/frima\/wp-content\/uploads\/2021\/03\/refuerzo_estructural.jpg 427w, https:\/\/www.frima.cat\/frima\/wp-content\/uploads\/2021\/03\/refuerzo_estructural-206x300.jpg 206w\" sizes=\"auto, (max-width: 135px) 100vw, 135px\" \/><\/a><\/figure>\n<\/div>\n\n\n\n<div class=\"wp-block-column is-layout-flow wp-block-column-is-layout-flow\" style=\"flex-basis:19%\">\n<div style=\"height:20px\" aria-hidden=\"true\" class=\"wp-block-spacer\"><\/div>\n\n\n\n<div style=\"height:41px\" aria-hidden=\"true\" class=\"wp-block-spacer\"><\/div>\n\n\n\n<h1><a href=\"https:\/\/www.frima.cat\/frima\/nuestros-servicios\/refuerzo-estructural\/\"><strong><span style=\"color: #1f3e7c;\">REFUERZO ESTRUCTURAL<\/span><\/strong><\/a><\/h1>\n<\/div>\n\n\n\n<div class=\"wp-block-column is-layout-flow wp-block-column-is-layout-flow\" style=\"flex-basis:57.6%\">\n<div style=\"height:63px\" aria-hidden=\"true\" class=\"wp-block-spacer\"><\/div>\n\n\n\n<p><a href=\"https:\/\/www.frima.cat\/frima\/nuestros-servicios\/refuerzo-estructural\/\"><span style=\"color: #1f3e7c;\">Los&nbsp;<strong>elementos estructurales<\/strong>&nbsp;horizontales son los forjados, que conforman los suelos y techos del edificio, transmitiendo las cargas a los elementos verticales.<\/span><\/a><\/p>\n<\/div>\n<\/div>\n\n\n\n<div style=\"height:30px\" aria-hidden=\"true\" class=\"wp-block-spacer\"><\/div>\n\n\n\n<div class=\"wp-block-columns is-layout-flex wp-container-core-columns-is-layout-9d6595d7 wp-block-columns-is-layout-flex\">\n<div class=\"wp-block-column is-layout-flow wp-block-column-is-layout-flow\" style=\"flex-basis:1%\"><\/div>\n\n\n\n<div class=\"wp-block-column is-layout-flow wp-block-column-is-layout-flow\" style=\"flex-basis:10.4%\">\n<figure class=\"wp-block-image size-large is-resized\"><a href=\"https:\/\/www.frima.cat\/frima\/nuestros-servicios\/metalisteria\/\"><img loading=\"lazy\" decoding=\"async\" src=\"https:\/\/www.frima.cat\/frima\/wp-content\/uploads\/2021\/03\/claraboya-1.jpg\" alt=\"\" class=\"wp-image-3656\" width=\"133\" height=\"188\" srcset=\"https:\/\/www.frima.cat\/frima\/wp-content\/uploads\/2021\/03\/claraboya-1.jpg 427w, https:\/\/www.frima.cat\/frima\/wp-content\/uploads\/2021\/03\/claraboya-1-212x300.jpg 212w\" sizes=\"auto, (max-width: 133px) 100vw, 133px\" \/><\/a><\/figure>\n<\/div>\n\n\n\n<div class=\"wp-block-column is-layout-flow wp-block-column-is-layout-flow\" style=\"flex-basis:19%\">\n<div style=\"height:20px\" aria-hidden=\"true\" class=\"wp-block-spacer\"><\/div>\n\n\n\n<div style=\"height:41px\" aria-hidden=\"true\" class=\"wp-block-spacer\"><\/div>\n\n\n\n<h1><strong><span style=\"color: #1f3e7c;\"><a href=\"https:\/\/www.frima.cat\/frima\/nuestros-servicios\/metalisteria\/\">METALISTER\u00cdA<\/a><\/span><\/strong><\/h1>\n<\/div>\n\n\n\n<div class=\"wp-block-column is-layout-flow wp-block-column-is-layout-flow\" style=\"flex-basis:60.2%\">\n<div style=\"height:68px\" aria-hidden=\"true\" class=\"wp-block-spacer\"><\/div>\n\n\n\n<p><span style=\"color: #1f3e7c;\"><a href=\"https:\/\/www.frima.cat\/frima\/nuestros-servicios\/metalisteria\/\"><strong>Fabricamos<\/strong> seg\u00fan necesidad: <strong>barandillas, separadores, puertas de entrada, claraboyas, <\/strong>a gusto del cliente.<\/a>&nbsp;<\/span><\/p>\n<\/div>\n<\/div>\n\n\n\n<p><\/p>\n","protected":false},"excerpt":{"rendered":"<p>Un resultado \u00f3ptimo en el menor tiempo posible.<\/p>\n","protected":false},"author":2,"featured_media":2830,"parent":0,"menu_order":0,"comment_status":"closed","ping_status":"closed","template":"","meta":{"footnotes":""},"class_list":["post-1409","page","type-page","status-publish","has-post-thumbnail","hentry"],"_links":{"self":[{"href":"https:\/\/www.frima.cat\/frima\/wp-json\/wp\/v2\/pages\/1409","targetHints":{"allow":["GET"]}}],"collection":[{"href":"https:\/\/www.frima.cat\/frima\/wp-json\/wp\/v2\/pages"}],"about":[{"href":"https:\/\/www.frima.cat\/frima\/wp-json\/wp\/v2\/types\/page"}],"author":[{"embeddable":true,"href":"https:\/\/www.frima.cat\/frima\/wp-json\/wp\/v2\/users\/2"}],"replies":[{"embeddable":true,"href":"https:\/\/www.frima.cat\/frima\/wp-json\/wp\/v2\/comments?post=1409"}],"version-history":[{"count":105,"href":"https:\/\/www.frima.cat\/frima\/wp-json\/wp\/v2\/pages\/1409\/revisions"}],"predecessor-version":[{"id":4072,"href":"https:\/\/www.frima.cat\/frima\/wp-json\/wp\/v2\/pages\/1409\/revisions\/4072"}],"wp:featuredmedia":[{"embeddable":true,"href":"https:\/\/www.frima.cat\/frima\/wp-json\/wp\/v2\/media\/2830"}],"wp:attachment":[{"href":"https:\/\/www.frima.cat\/frima\/wp-json\/wp\/v2\/media?parent=1409"}],"curies":[{"name":"wp","href":"https:\/\/api.w.org\/{rel}","templated":true}]}}